{"id":70,"date":"2018-02-13T23:06:46","date_gmt":"2018-02-13T23:06:46","guid":{"rendered":"http:\/\/ostermarsch-gronau.de\/?page_id=70"},"modified":"2026-03-28T22:22:44","modified_gmt":"2026-03-28T22:22:44","slug":"startseite","status":"publish","type":"page","link":"https:\/\/ostermarsch-gronau.de\/","title":{"rendered":""},"content":{"rendered":"<h2><span style=\"font-family: arial, helvetica, sans-serif;\">Wir k\u00f6nnen nicht schweigen: Ostermarsch 2026<\/span><\/h2>\n<p><span style=\"font-family: arial, helvetica, sans-serif;\"><span style=\"font-size: medium;\"><img loading=\"lazy\" decoding=\"async\" class=\" wp-image-919 alignleft\" src=\"https:\/\/ostermarsch-gronau.de\/wp-content\/uploads\/2026\/03\/Ostermarsch_2026_plakat-212x300.jpg\" alt=\"\" width=\"248\" height=\"351\" srcset=\"https:\/\/ostermarsch-gronau.de\/wp-content\/uploads\/2026\/03\/Ostermarsch_2026_plakat-212x300.jpg 212w, https:\/\/ostermarsch-gronau.de\/wp-content\/uploads\/2026\/03\/Ostermarsch_2026_plakat-724x1024.jpg 724w, https:\/\/ostermarsch-gronau.de\/wp-content\/uploads\/2026\/03\/Ostermarsch_2026_plakat-768x1086.jpg 768w, https:\/\/ostermarsch-gronau.de\/wp-content\/uploads\/2026\/03\/Ostermarsch_2026_plakat-1086x1536.jpg 1086w, https:\/\/ostermarsch-gronau.de\/wp-content\/uploads\/2026\/03\/Ostermarsch_2026_plakat-1448x2048.jpg 1448w, https:\/\/ostermarsch-gronau.de\/wp-content\/uploads\/2026\/03\/Ostermarsch_2026_plakat.jpg 1754w\" sizes=\"auto, (max-width: 248px) 100vw, 248px\" \/>Autorit\u00e4re, narzistische und fanatische Staatschefs zetteln immer weitere Kriege an, verursachen Zerst\u00f6rung, Tod und Leid. Dagegen gehen wir am Karfreitag, 3.4.2026 in Gronau auf die Stra\u00dfe. Die aktuellen Kriege machen deutlich, dass eine Energiewende mehr denn je n\u00f6tig ist, um uns aus der Gewalt-Spirale im Kampf um \u00d6l, Gas, Kohle und Uran zu befreien! Aber auch gegen die Forderungen von Aufr\u00fcstung und eigenen\/ neuen Atomwaffen bei gleichzeitiger Ank\u00fcndigung von sozialem Kahlschlag k\u00f6nnen wir nicht einfach so hinnehmen.<br \/>\n<\/span><\/span><\/p>\n<p><strong><a href=\"https:\/\/ostermarsch-gronau.de\/wp-content\/uploads\/2026\/03\/Aufruf-OMA-Gronau-2026.pdf\" target=\"_blank\" rel=\"noopener\">Aufruf zum Ostermarsch 2026 als PDF<\/a> \u00a0\u00a0<\/strong><a href=\"https:\/\/ostermarsch-gronau.de\/wp-content\/uploads\/2026\/03\/Ostermarsch_2026_Flyer-4fach.pdf\" target=\"_blank\" rel=\"noopener\"><strong>Flyer-Druckvorlage als PDF<\/strong><\/a><\/p>\n<p><span style=\"font-family: arial, helvetica, sans-serif;\"><span style=\"font-size: medium;\"> Wir wollen uns mit Nachdruck f\u00fcr die \u00c4chtung der Urananreicherung und aller Atomwaffen einsetzen. Ebenso f\u00fcr Diplomatie statt Konfrontation und vermeintlicher Sicherheit durch Abschreckung. Dabei ist uns bewusst, dass es sich dabei um ein Dilemma handelt &#8211; mit Menschenfeinden l\u00e4sst sich nicht verhandeln! Wem das Leben der (eigenen) Bev\u00f6lkerung egal ist, l\u00e4sst sich aber auch nicht durch Abschreckung zum Frieden zwingen! Dieses Dilemma k\u00f6nnen wir nicht aufl\u00f6sen &#8211; unseren Wunsch nach Frieden wollen wir aber trotzdem Ausdruck verleihen und andere Menschen ermutigen, sich gegen Kriege und Menschenfeindlichkeit einzusetzen.<br \/>\n<\/span><\/span><\/p>\n<p><span style=\"font-family: arial, helvetica, sans-serif;\"><span style=\"font-size: medium;\">Kurz vor dem 40. Jahrestag der AKW-Katastrophe in Tschernobyl (26.4.1986) warnen wir weiterhin vor den Gefahren der internationalen Atomindustrie. Small Modular Reactors sind ein Fantasie-Produkt, nirgends erprobt und erst recht keine g\u00fcnstige, modulare Serienbau-Weise. Genau wie Fusionsenergie-Kraftwerke eine Illusion, die uns von der dringend notwendigen Energiewende abhalten und weiter an \u00d6l und Gas aus Krisenregionen und aus der Hand von Autokraten und Menschenfeinden binden soll.<br \/>\n<\/span><\/span><\/p>\n<p><span style=\"font-family: arial, helvetica, sans-serif;\"><strong>Der Gronauer Ostermarsch findet dieses Jahr direkt an der Gronauer Urananreicherungsanlage statt.<\/strong> <strong>Auftakt ist um 13 Uhr vor dem Haupttor der Urananreicherungsanlage Gronau, R\u00f6ntgenstra\u00dfe 4. Von dort gibt es einen ca. 2,5km langen Ostermarsch entlang der Anlage, Zwischenkundgebung an der Kaiserstiege\/ Alsenstra\u00dfe, Abschluss wieder vor dem Haupttor der Urananreicherungsanlage.<br \/>\n<\/strong><\/span><\/p>\n<p><span style=\"font-family: arial, helvetica, sans-serif;\">Infos zur <a href=\"https:\/\/ostermarsch-gronau.de\/?page_id=9\">Anreise &#8211; hier klicken.<\/a> <span style=\"font-size: medium;\">F\u00fcr den Gronauer Ostermarsch wird Shuttle-Service geplant. Bitte teilt fr\u00fchzeitig eure Anreise per Bahn und den Shuttle-Bedarf mit: <\/span><span style=\"color: #0000ff;\"><u><a href=\"mailto:info@ostermarsch-gronau.de\"><span style=\"font-size: medium;\">info@ostermarsch-gronau.de<\/span><\/a><\/u><\/span><span style=\"font-size: medium;\">. <\/span><\/span><\/p>\n<p><span style=\"font-family: arial, helvetica, sans-serif;\"><span style=\"font-size: medium;\">Informationen \u00fcber weitere Osterm\u00e4rsche in NRW und anderswo findet man z. B. unter<\/span><\/span><\/p>\n<p><span style=\"color: #0000ff; font-family: arial, helvetica, sans-serif;\"><u><a href=\"https:\/\/www.friedenskooperative.de\/ostermarsch-2026\"><span style=\"font-size: medium;\">https:\/\/www.friedenskooperative.de\/ostermarsch-2026<\/span><\/a><\/u><\/span><\/p>\n","protected":false},"excerpt":{"rendered":"<p>Wir k\u00f6nnen nicht schweigen: Ostermarsch 2026 Autorit\u00e4re, narzistische und fanatische Staatschefs zetteln immer weitere Kriege an, verursachen Zerst\u00f6rung, Tod und Leid. Dagegen gehen wir am Karfreitag, 3.4.2026 in Gronau auf die Stra\u00dfe. Die aktuellen Kriege machen deutlich, dass eine Energiewende mehr denn je n\u00f6tig ist, um uns aus der Gewalt-Spirale im Kampf um \u00d6l, Gas, [&hellip;]<\/p>\n","protected":false},"author":1,"featured_media":0,"parent":0,"menu_order":0,"comment_status":"closed","ping_status":"closed","template":"","meta":{"footnotes":""},"class_list":["post-70","page","type-page","status-publish","hentry","entry"],"_links":{"self":[{"href":"https:\/\/ostermarsch-gronau.de\/index.php?rest_route=\/wp\/v2\/pages\/70","targetHints":{"allow":["GET"]}}],"collection":[{"href":"https:\/\/ostermarsch-gronau.de\/index.php?rest_route=\/wp\/v2\/pages"}],"about":[{"href":"https:\/\/ostermarsch-gronau.de\/index.php?rest_route=\/wp\/v2\/types\/page"}],"author":[{"embeddable":true,"href":"https:\/\/ostermarsch-gronau.de\/index.php?rest_route=\/wp\/v2\/users\/1"}],"replies":[{"embeddable":true,"href":"https:\/\/ostermarsch-gronau.de\/index.php?rest_route=%2Fwp%2Fv2%2Fcomments&post=70"}],"version-history":[{"count":109,"href":"https:\/\/ostermarsch-gronau.de\/index.php?rest_route=\/wp\/v2\/pages\/70\/revisions"}],"predecessor-version":[{"id":927,"href":"https:\/\/ostermarsch-gronau.de\/index.php?rest_route=\/wp\/v2\/pages\/70\/revisions\/927"}],"wp:attachment":[{"href":"https:\/\/ostermarsch-gronau.de\/index.php?rest_route=%2Fwp%2Fv2%2Fmedia&parent=70"}],"curies":[{"name":"wp","href":"https:\/\/api.w.org\/{rel}","templated":true}]}}